{"id":268,"date":"2023-06-21T11:20:34","date_gmt":"2023-06-21T09:20:34","guid":{"rendered":"https:\/\/xervigo.com\/inicio\/"},"modified":"2024-01-18T13:45:21","modified_gmt":"2024-01-18T12:45:21","slug":"inicio","status":"publish","type":"page","link":"https:\/\/xervigo.com\/gl\/","title":{"rendered":"Inicio"},"content":{"rendered":"\n<section class=\"tpk-hero                 lower\"\n         style=\"\">\n                        <picture >\n\n                    <source srcset=\"https:\/\/xervigo.com\/wp-content\/uploads\/sites\/18\/2023\/06\/5cfe1d5f413ca_vigoe-480x640.jpg\" media=\"((min-width: 0rem) and (max-width: 30rem))\">\n                             <source srcset=\"https:\/\/xervigo.com\/wp-content\/uploads\/sites\/18\/2023\/06\/5cfe1d5f413ca_vigoe-1024x500.jpg\" media=\"(min-width: 30rem) and (max-width: 64rem)\" >\n                            <source srcset=\"https:\/\/xervigo.com\/wp-content\/uploads\/sites\/18\/2023\/06\/5cfe1d5f413ca_vigoe-1600x640.jpg\" media=\"(min-width: 64rem)\" >\n        \n        \n                                                                                                        \n        <img src=\"https:\/\/xervigo.com\/wp-content\/uploads\/sites\/18\/2023\/06\/5cfe1d5f413ca_vigoe-1600x640.jpg\" alt=\"\"  width=\"1600\" height=\"640\"  loading=\"eager\">\n    <\/picture>\n\n    \n        <div class=\"tpk-hero__content wrapper row\">\n                    <div class=\"col-xs-12 col-sm-12 pr-h pl-h\">\n                                <header class=\"tpk-head  wrapper\">\n    <p class=\"tpk-head__caption\">XER<\/p>    <h1 class=\"tpk-head__title\">En Vigo pon\u00e9moscho f\u00e1cil para aparcar<\/h1>    <p>O estacionamiento regulado na v\u00eda p\u00fablica en Vigo \u00e9 unha soluci\u00f3n de mobilidade urbana, a s\u00faa finalidade \u00e9 facilitar unha mellor circulaci\u00f3n dos veh\u00edculos e compartir as prazas de aparcamento dispo\u00f1ibles entre o maior n\u00famero de visitantes posibles.<\/p>\n<\/header>\n            \n                    <\/div>\n    <\/div>\n    <\/section>\n<div class=\"tpk-spinner__wrapper\">\n    <div class=\"tpk-spinner\"><\/div>\n<\/div>\n\n<section class=\"tpk-benefits \" style=\"background-color:#fafafb\">\n    <div class=\"wrapper row center-xs\">\n        <div class=\"col-xs-12 col-sm-10 col-md-8\">\n                <header class=\"tpk-head  wrapper\">\n        <h2 class=\"tpk-head__title\">Atenci\u00f3n ao p\u00fablico<\/h2>    <\/header>        <\/div>\n    <\/div>\n    <div class=\"tpk-benefits__list row wrapper\">\n                    <div class=\"col-xs-12 col-sm-6 col-md-3\">\n                                <div class=\"tpk-benefit\">\n    <div class=\"tpk-benefit__icon\">\n        <span class=\"icon icon-mail icon--lg\">\n        <\/span>\n    <\/div>\n\n    <div class=\"tpk-benefit__content\">\n        <h3 class=\"tpk-benefit__title\">Correo electr\u00f3nico<\/h3>\n        <p>xervigo@empark.com<\/p>\n\n    <\/div>\n<\/div>            <\/div>\n                    <div class=\"col-xs-12 col-sm-6 col-md-3\">\n                                <div class=\"tpk-benefit\">\n    <div class=\"tpk-benefit__icon\">\n        <span class=\"icon icon-phone icon--lg\">\n        <\/span>\n    <\/div>\n\n    <div class=\"tpk-benefit__content\">\n        <h3 class=\"tpk-benefit__title\">Tel\u00e9fono<\/h3>\n        <p>+34 900 10 23 75<\/p>\n\n    <\/div>\n<\/div>            <\/div>\n                    <div class=\"col-xs-12 col-sm-6 col-md-3\">\n                                <div class=\"tpk-benefit\">\n    <div class=\"tpk-benefit__icon\">\n        <span class=\"icon icon-info icon--lg\">\n        <\/span>\n    <\/div>\n\n    <div class=\"tpk-benefit__content\">\n        <h3 class=\"tpk-benefit__title\">Oficina de \"Xesti\u00f3n do Servizo\"<\/h3>\n        <p>Rua do Pracer n\u00ba 27 Bajo, 36202 - Vigo (Pontevedra)<\/p>\n\n    <\/div>\n<\/div>            <\/div>\n            <\/div>\n<\/section>\n\n<article class=\"tpk-page\">\n    <div class=\"row wrapper center-xs tpk-page__content\">\n        <div class=\"col-xs-12 col-sm-10 col-md-8 pt-4 pb-4\">\n            <blockquote>\n<h2>Estacionamento regulado en Vigo<\/h2>\n<\/blockquote>\n<p>O Concello de Vigo constit\u00fae a cabeceira urbana do sur de Galicia. \u00c9 o n\u00facleo dunha ampla \u00e1rea socioecon\u00f3mica que se extende dende a pen\u00ednsula do Morrazo ata a fronteira lusa. Conta adem\u00e1is cunha das sete zonas francas que pos\u00fae o estado espa\u00f1ol, xestionada por un consorcio no que participan os principais organismos p\u00fablicos da cidade.<\/p>\n<p>O servizo de estacionamento regulado na v\u00eda p\u00fablica forma parte fundamental dos servizos municipais que axudan a mellorar a mobilidade da cidade. O servizo impl\u00e1ntase nas r\u00faas da cidade onde a necesidade de compartir o uso das escasas e limitadas prazas \u00e9 maior, tal e como ocorre na zona centro desta cidade. Deste modo pret\u00e9ndese dar soluci\u00f3n \u00e1 necesidade dos comercios de dispo\u00f1er de zonas libres para os seus clientes. Adem\u00e1is racional\u00edzase o estacionamento en lugares onde hai moita demanda e evita os atascos, acortando o tempo de espera para atopar aparcamento, beneficiando sobre todo \u00f3s residentes da zona XER e axuda a diminuir a contaminaci\u00f3n..<\/p>\n<blockquote>\n<h2>Como utilizar o estacionamento regulado?<\/h2>\n<\/blockquote>\n<ul>\n<li>\n<h4><u><strong>Se non \u00e9 Ude. Residente autorizado na zona onde vai estacionar<\/strong><\/u><\/h4>\n<\/li>\n<\/ul>\n<p>1\u00ba- Estacione o seu veh\u00edculo na zona regulada e comprob\u00e9 que ocupa una soa praza.<\/p>\n<p>2\u00ba <strong>a)-<\/strong> Obte\u00f1a o seu tique a trav\u00e9s da app TELPARK. Elixa opci\u00f3n AZUL ZONA (m\u00e1ximo 2 h.). Con Telpark o tique \u00e9 virtual, polo que non \u00e9 necesario deixar nada no interior do seu veh\u00edculo. Adem\u00e1is\u00a0 dende a aplicaci\u00f3n poder\u00e1 axustar realmente o tempo de estacionamento \u00f3 importe aboado. Dende a app tam\u00e9n poder\u00e1 ampliar o tempo do tique se o desexa ata un m\u00e1ximo de d\u00faas horas. Recorde que con Telpark pode terminar o tique en calquera momento e a aplicaci\u00f3n s\u00f3 lle cobrar\u00e1 polo tempo que realmente estacionou. \u00c9 a nosa contribuci\u00f3n a frear as consecuencias do efecto invernadoiro e o cambio clim\u00e1tico, que para o noso planeta son catastr\u00f3ficas.<\/p>\n<p>\u00a0 \u00a0<strong>b)-<\/strong> Dir\u00edxase \u00f3 parqu\u00edmetro m\u00e1is pr\u00f3ximo e obte\u00f1a un tique polo tempo que desexe estacionar. Verifique que puxo correctamentae a s\u00faa matr\u00edcula no tique. Se a matr\u00edcula est\u00e1 correcta non \u00e9 necesario que deixe o seu tique no interior do seu veh\u00edculo, p\u00f3deo levar. Pero se queda m\u00e1is tranquilo pode deixalo no interior do seu veh\u00edculo, non pasa nada. Recorde que os parqu\u00edmetros non admiten billetes, s\u00f3 moedas e non devolven troco. Adem\u00e1is de moedas no parqu\u00edmetro pode pagar con tarxetas bancarias e PassVIgo.<\/p>\n<p>\u00a0\u00a0<strong> c)-<\/strong> No parqu\u00edmetro tam\u00e9n poder\u00e1 realizar a anulaci\u00f3n electr\u00f3nica da denuncia, por carecer de tique, sobrepasar o tempo autorizado de estacionamento e estacionar por espazo superior \u00e1s d\u00faas horas mant\u00e9ndose estacionado na mesma r\u00faa. Unha vez introducido o c\u00f3digo de anulaci\u00f3n, e aboado o importe, sairalle o xustificante de anulaci\u00f3n. Recomend\u00e1moslle que o garde un tempo xunto co bolet\u00edn do aviso de denuncia. Ante calquera d\u00fabida, por favor, dir\u00edxase \u00f3s nosos controladores, contacte con n\u00f3s no n\u00famero de tel\u00e9fono 900102375 ou dir\u00edxase \u00e1s nosas oficinas na R\u00faa Pracer 27, baixo.<\/p>\n<p>3\u00ba- Retire o seu veh\u00edculo una vez transcorrido o tempo l\u00edmite autorizado.<\/p>\n<p>&nbsp;<\/p>\n<ul>\n<li>\n<h4><u><strong>Se \u00e9 Ude. Residente autorizado na zona onde vai estacionar<\/strong><\/u><\/h4>\n<\/li>\n<\/ul>\n<p>1\u00ba- Estacione o seu veh\u00edculo na zona azul regulada e comprob\u00e9 que ocupa una soa praza.<\/p>\n<p>2\u00ba <strong>a)-<\/strong> Obte\u00f1a o seu tique a trav\u00e9s da app Telpark. Como residente autorizado non ten tempo l\u00edmite de estacionamento. Vde. pode obter tique por un espazo que vai dende as d\u00faas horas ata varios d\u00edas. Recorde que con Telpark pode terminar o tique en calquera momento e a aplicaci\u00f3n s\u00f3 lle cobrar\u00e1 polo tempo que realmente estacionou. Dende a app tam\u00e9n pode ampliar o tempo do tique se as\u00ed o desexa.<\/p>\n<p>\u00a0\u00a0<strong> b)-<\/strong> Dir\u00edxase \u00f3 parqu\u00edmetro m\u00e1is pr\u00f3ximo, sempre na s\u00faa \u00e1rea de residente. Elixa a opci\u00f3n \u201cResidente\u201d, introduza a s\u00faa matr\u00edcula e o expendedor activar\u00e1 a tarifa de residente. Elixa a forma de pagamento. Recorde que os parqu\u00edmetros non admiten billetes, s\u00f3 moedas e non devolven troco. Adem\u00e1is de moedas no parqu\u00edmetro p\u00f3dese pagar con tarxetas bancarias e PassVigo.e<\/p>\n<p>\u00a0\u00a0 <strong>c)-<\/strong> No parqu\u00edmetro tam\u00e9n poder\u00e1 realizar a anulaci\u00f3n electr\u00f3nica da denuincia por carecer de tique e sobrepasar o tempo autorizado de estacionamento. Unha vez introducido o c\u00f3digo de anulaci\u00f3n e aboado o importe, sairalle o xustificante de anulaci\u00f3n. Recomend\u00e1moslle que o garde un tempo xunto co bolet\u00edn do aviso de denuncia. Ante calquera d\u00fabida, por favor, dir\u00edxase \u00f3s nosos controladores, contacte con n\u00f3s no n\u00famero de tel\u00e9fono 900102375, ou dir\u00edxase \u00e1s nosas oficinas na R\u00faa Pracer 27, baixo.<\/p>\n<p>3\u00ba- Retire o seu veh\u00edculo una vez transcorrido o tempo do seu tique se non desexa amplialo.<\/p>\n<blockquote>\n<h2>Requisitos para Residentes<\/h2>\n<\/blockquote>\n<p>A obtenci\u00f3n de autorizaci\u00f3n de distintivo de residentes solic\u00edtase no rexistro do Concello ou a trav\u00e9s de p\u00e1xina web <a href=\"https:\/\/hoxe.vigo.org\/\">www.vigo.org.<\/a><\/p>\n<p>Os requisitos para solicitalos son:<\/p>\n<blockquote>\n<h4><u><strong>VEHICULO EN PROPIEDADE<\/strong><\/u><\/h4>\n<\/blockquote>\n<ul>\n<li>DNI, tarxeta de residencia ou pasaporte do titular do veh\u00edculo.<\/li>\n<li>Carnet de conducir do titular do veh\u00edculo.<\/li>\n<li>Permiso de circulaci\u00f3n e da tarxeta de inspecci\u00f3n t\u00e9cnica do veh\u00edculo (o enderezo debe de coincidir co enderezo do empadroamento, que \u00e1 s\u00faa vez ten que estar inclu\u00eddo dentro das r\u00faas afectadas pola ordenanza municiapal que regula o servizo).<\/li>\n<li>Recibo do seguro do veh\u00edculo (en vigor).<\/li>\n<\/ul>\n<blockquote>\n<h4><u><strong>VEHICULO ALUGADO (LEASING OU RENTING)<\/strong><\/u><\/h4>\n<\/blockquote>\n<ul>\n<li>DNI, tarxeta de\u00a0 residencia\u00a0 ou pasaporte do interesado.<\/li>\n<li>Carnet de conducir do interesado.<\/li>\n<li>Contrato de leasing ou renting.<\/li>\n<li>P\u00f3liza do seguro do veh\u00edculo na\u00a0 que debe figurar o interesado como condutor\u00a0 habitual e o derradeiro recibo en vigor.<\/li>\n<\/ul>\n<blockquote>\n<h4><u><strong>VEHICULO DE EMPRESA<\/strong><\/u><\/h4>\n<\/blockquote>\n<ul>\n<li>DNI, tarxeta de residencia\u00a0 ou pasaporte do interesado.<\/li>\n<li>Carnet de conducir do interesado.<\/li>\n<li>Documento extendido pola empresa no que acredite que o solicitante \u00e9 o \u00fanico usuario do veh\u00edculo, que est\u00e1 autorizado \u00e1 s\u00faa utilizaci\u00f3n\u00a0 f\u00f3ra da xornada laboral e que dito veh\u00edculo tributa como retribuci\u00f3n en especie a efectos do IRPF do solicitante.<\/li>\n<li>P\u00f3liza do seguro do veh\u00edculo na\u00a0 que debe figurar o interesado como condutor\u00a0 habitual e o derradeiro recibo en vigor.<\/li>\n<\/ul>\n\n        <\/div>\n    <\/div>\n<\/article>\n\n\n<section class=\"tpk-banner-cta tpk-banner-cta--half   \"\n         style=\"                 \">\n    <div class=\"tpk-banner-cta--half__picture\">\n                                    <picture >\n\n                    <source srcset=\"https:\/\/xervigo.com\/wp-content\/uploads\/sites\/18\/2023\/06\/56e55c9267572_55acd161c5c71_DSCF5467-460x300.jpg\" media=\"((min-width: 0rem) and (max-width: 30rem))\">\n                             <source srcset=\"https:\/\/xervigo.com\/wp-content\/uploads\/sites\/18\/2023\/06\/56e55c9267572_55acd161c5c71_DSCF5467-520x300.jpg\" media=\"(min-width: 30rem) and (max-width: 64rem)\" >\n                            <source srcset=\"https:\/\/xervigo.com\/wp-content\/uploads\/sites\/18\/2023\/06\/56e55c9267572_55acd161c5c71_DSCF5467-960x300.jpg\" media=\"(min-width: 64rem)\" >\n        \n        \n                                                                                                        \n        <img src=\"https:\/\/xervigo.com\/wp-content\/uploads\/sites\/18\/2023\/06\/56e55c9267572_55acd161c5c71_DSCF5467-960x300.jpg\" alt=\"\"  width=\"960\" height=\"300\"  loading=\"lazy\" >\n    <\/picture>\n\n            <\/div>\n\n    <div class=\"tpk-banner-cta__content row wrapper middle-xs\">\n        <div class=\"col-xs-12 col-md-6 tpk-banner-cta__content__text\">\n                        <header class=\"tpk-head  wrapper\">\n    <p class=\"tpk-head__caption\">Informaci\u00f3n<\/p>    <h2 class=\"tpk-head__title\">Zona azul<\/h2>    <p><strong>Horario<\/strong><\/p>\n<ul>\n<li>De <strong>luns a venres<\/strong> de 9:00 a 14:00 e de 16:00 a 20:00 horas.<\/li>\n<li><strong>S\u00e1bados, domingos e festivos<\/strong> sen servizo<\/li>\n<\/ul>\n<p><strong>Tarifas<\/strong><\/p>\n<ul>\n<li>33 minutos (m\u00ednimo): <strong>0,30 \u20ac<\/strong><\/li>\n<li>De 33 min a 62 min: <strong>0,60 \u20ac<\/strong><\/li>\n<li>De 62 min a 90 min: <strong>1,00 \u20ac<\/strong><\/li>\n<li>De 90 min a 120 min (m\u00e1ximo): <strong>1,45 \u20ac<\/strong><\/li>\n<\/ul>\n<\/header>            <div class=\"tpk-banner-cta__buttons\">\n                                                        <a  class=\"tpk-button tpk-button--primary tpk-button--lg \" href=\"https:\/\/xervigo.com\/gl\/horarios-y-tarifas\/\"    >\n    <span>Consultar<\/span>\n    <\/a>                            <\/div>\n        <\/div>\n    <\/div>\n<\/section>\n\n\n<section\n        class=\"tpk-banner-cta tpk-banner-cta--background   \"\n        style=\" --bg-picture: url('https:\/\/xervigo.com\/wp-content\/uploads\/sites\/18\/2023\/06\/banner.jpg'); \">\n    <div class=\"tpk-banner-cta__content row wrapper middle-xs \">\n                                <div class=\"col-xs-12 col-md-6 tpk-banner-cta__content__text  \">\n                                                <header class=\"tpk-head  wrapper\">\n    <p class=\"tpk-head__caption\">Consulta as zonas de estacionamento reguladas<\/p>    <h2 class=\"tpk-head__title\">Plano Xeral de Vigo<\/h2>    <\/header>                                    <div class=\"tpk-banner-cta__buttons\">\n                                                                                <a  class=\"tpk-button tpk-button--primary tpk-button--lg \" href=\"https:\/\/xervigo.com\/planos\/gl\/\"    >\n    <span>Ver <\/span>\n    <\/a>                                            <\/div>\n                            <\/div>\n        <\/div>\n<\/section>\n\n<section class=\"tpk-blog wrapper\">\n            <div class=\" row center-xs\">\n            <div class=\"col-xs-12 col-sm-12 col-md-8 pb-4\">\n                                <header class=\"tpk-head  wrapper\">\n        <h2 class=\"tpk-head__title\">Actualidade<\/h2>    <\/header>            <\/div>\n        <\/div>\n        <div class=\" row tpk-blog__content\">\n                                            <div class=\"col-xs-12 col-sm-12 col-md-6\">\n                    <div class=\"tpk-card-blog-big\">\n                        <picture >\n\n                    <source srcset=\"https:\/\/xervigo.com\/wp-content\/uploads\/sites\/18\/2023\/06\/6050b57d60ce1_expendedor1-343x320.jpg\" media=\"((min-width: 0rem) and (max-width: 30rem))\">\n                             <source srcset=\"https:\/\/xervigo.com\/wp-content\/uploads\/sites\/18\/2023\/06\/6050b57d60ce1_expendedor1-688x320.jpg\" media=\"(min-width: 30rem) and (max-width: 64rem)\" >\n                            <source srcset=\"https:\/\/xervigo.com\/wp-content\/uploads\/sites\/18\/2023\/06\/6050b57d60ce1_expendedor1-688x320.jpg\" media=\"(min-width: 64rem)\" >\n        \n        \n                                                                                                        \n        <img src=\"https:\/\/xervigo.com\/wp-content\/uploads\/sites\/18\/2023\/06\/6050b57d60ce1_expendedor1-688x320.jpg\" alt=\"\"  width=\"688\" height=\"320\"  loading=\"lazy\" >\n    <\/picture>\n\n        <div class=\"tpk-card-blog-big__content\">\n                    <p class=\"tpk-card-blog-big__caption\">10\/12\/2019<\/p>\n                            <h3 class=\"tpk-card-blog-big__title\">Instalan nuevos parqu\u00edmetros de la XER<\/h3>\n                            <p>La concesionaria del servicio de aparcamiento regulado en zona azul, DORNIER, est\u00e1 instalando estos d\u00edas los nuevos parqu\u00edmetros, que permitir\u00e1n pagar desde el m\u00f3vil con Telpark sin tener que volver al coche a cambiar el ticket. Adem\u00e1s, el tiempo m\u00e1ximo para aparcar en la zona azul de Vigo se ampl\u00eda de 2 a 4 horas<\/p>\n                        <a  class=\"tpk-button tpk-button--link tpk-button--lg \" href=\"https:\/\/xervigo.com\/gl\/2019\/12\/10\/instalan-nuevos-parquimetros-de-la-xer\/\"    >\n    <span>Ver m\u00e1s...<\/span>\n            <span class=\"icon icon-arrow-right icon--sm\">\n        <\/span>\n    <\/a>    <\/div>\n<\/div>                <\/div>\n                                                    <div class=\"col-xs-12 col-sm-12 col-md-6\">\n                                                                                            \n<div class=\"tpk-card-blog\">\n                        <picture class=\"tpk-card-blog__picture\">\n\n                                     <source srcset=\"https:\/\/xervigo.com\/wp-content\/uploads\/sites\/18\/2023\/06\/570243fc9c43c_portada_telpak-220x220.jpg\" media=\"(min-width: 64rem)\" >\n        \n                    <source srcset=\"https:\/\/xervigo.com\/wp-content\/uploads\/sites\/18\/2023\/06\/570243fc9c43c_portada_telpak-220x220.jpg\" media=\"(min-width: 30rem)\">\n        \n                                                                                                        \n        <img src=\"https:\/\/xervigo.com\/wp-content\/uploads\/sites\/18\/2023\/06\/570243fc9c43c_portada_telpak-220x220.jpg\" alt=\"\"  width=\"220\" height=\"220\"  loading=\"lazy\" >\n    <\/picture>\n\n        <div class=\"tpk-card-blog__content\">\n                    <p class=\"tpk-card-blog__caption\">09\/04\/2015<\/p>\n                            <h3 class=\"tpk-card-blog__title\">Telpark elegida como mejor App de movilidad de Espa\u00f1a 2015<\/h3>\n                            <p>La aplicaci\u00f3n para el Smartphone Telpark que gestiona el pago del estacionamiento regulado en la v\u00eda p\u00fablica \u00a0de nuestra ciudad, ha sido premiada por los lectores del diario EXPANSI\u00d3N como una de las 5 mejores apps en Espa\u00f1a. \u00a0La elecci\u00f3n final fue realizada por votaci\u00f3n popular entre una selecci\u00f3n de m\u00e1s de 450 candidaturas previas de distintas categor\u00edas.<\/p>\n                        <a  class=\"tpk-button tpk-button--link tpk-button--lg \" href=\"https:\/\/xervigo.com\/gl\/2015\/04\/09\/telpark-elegida-como-mejor-app-de-movilidad-de-espana-2015\/\"    >\n    <span>Ver m\u00e1s...<\/span>\n            <span class=\"icon icon-arrow-right icon--sm\">\n        <\/span>\n    <\/a>    <\/div>\n<\/div>                                                                                \n<div class=\"tpk-card-blog\">\n                        <picture class=\"tpk-card-blog__picture\">\n\n                                     <source srcset=\"https:\/\/xervigo.com\/wp-content\/uploads\/sites\/18\/2023\/06\/570243a27faeb_paga-con-tu-movil_telpark-220x220.jpg\" media=\"(min-width: 64rem)\" >\n        \n                    <source srcset=\"https:\/\/xervigo.com\/wp-content\/uploads\/sites\/18\/2023\/06\/570243a27faeb_paga-con-tu-movil_telpark-220x220.jpg\" media=\"(min-width: 30rem)\">\n        \n                                                                                                        \n        <img src=\"https:\/\/xervigo.com\/wp-content\/uploads\/sites\/18\/2023\/06\/570243a27faeb_paga-con-tu-movil_telpark-220x220.jpg\" alt=\"\"  width=\"220\" height=\"220\"  loading=\"lazy\" >\n    <\/picture>\n\n        <div class=\"tpk-card-blog__content\">\n                    <p class=\"tpk-card-blog__caption\">09\/04\/2015<\/p>\n                            <h3 class=\"tpk-card-blog__title\">Empark lanza la nueva versi\u00f3n de Telpark, la aplicaci\u00f3n de pago por m\u00f3vil<\/h3>\n                            <p>EMPARK, empresa l\u00edder de gesti\u00f3n de aparcamientos en Espa\u00f1a y Portugal, en colaboraci\u00f3n con la compa\u00f1\u00eda Maksu Services Espa\u00f1a, acaba de lanzar al mercado una actualizaci\u00f3n de su nueva aplicaci\u00f3n Telpark de pago por m\u00f3vil del estacionamiento regulado para su uso en las m\u00e1s de 60 ciudades que gestiona en toda la Pen\u00ednsula Ib\u00e9rica.<\/p>\n                        <a  class=\"tpk-button tpk-button--link tpk-button--lg \" href=\"https:\/\/xervigo.com\/gl\/2015\/04\/09\/empark-lanza-la-nueva-version-de-telpark-la-aplicacion-de-pago-por-movil\/\"    >\n    <span>Ver m\u00e1s...<\/span>\n            <span class=\"icon icon-arrow-right icon--sm\">\n        <\/span>\n    <\/a>    <\/div>\n<\/div>                                                    <\/div>\n    <\/div>\n    <div class=\" row tpk-blog__content--more\" style=\"display: none\">\n        <script> const BLOGS = [] <\/script>\n                                                                        <\/div>\n            <div class=\" row\">\n            <div class=\"col-xs-12 tpk-blog__buttons\">\n                                <a  class=\"tpk-button tpk-button--primary tpk-button--lg \" href=\"\/noticias\"    >\n    <span>Ver todas las Noticias<\/span>\n    <\/a>            <\/div>\n        <\/div>\n    <\/section>\n\n\n<section class=\"tpk-banner-app \">\n    <div class=\"row wrapper middle-xs\">\n        <div class=\"col-xs-12 col-sm-6 col-no-gutter tpk-banner-app__picture\">\n                                                <picture class=\"hide-xs show-sm\">\n\n                             <source srcset=\"https:\/\/xervigo.com\/wp-content\/uploads\/sites\/18\/2023\/06\/banner_app_qr-488x398.png\" media=\"(min-width: 30rem) and (max-width: 64rem)\" >\n                            <source srcset=\"https:\/\/xervigo.com\/wp-content\/uploads\/sites\/18\/2023\/06\/banner_app_qr.png\" media=\"(min-width: 64rem)\" >\n        \n        \n                                                                                                        \n        <img src=\"https:\/\/xervigo.com\/wp-content\/uploads\/sites\/18\/2023\/06\/banner_app_qr.png\" alt=\"\"  width=\"518\" height=\"398\"  loading=\"lazy\" >\n    <\/picture>\n\n                                <\/div>\n        <div class=\"col-xs-12 col-sm-6 tpk-banner-app__content\">\n                        <header class=\"tpk-head  wrapper\">\n    <p class=\"tpk-head__caption\">Aparca e vai<\/p>    <h2 class=\"tpk-head__title\">Escanea o c\u00f3digo co teu m\u00f3bil para descargar a aplicaci\u00f3n<\/h2>    <\/header>\n                        <div class=\"tpk-banner-app__buttons\">\n                                                                                                                    \n    <a href=\"https:\/\/play.google.com\/store\/apps\/details?id=com.delaware.empark\" class=\"tpk-button tpk-button--app dark\" target=\"_blank\">\n        <svg width=\"23\" height=\"26\" viewBox=\"0 0 23 26\" fill=\"none\" xmlns=\"http:\/\/www.w3.org\/2000\/svg\">\n            <path fill-rule=\"evenodd\" clip-rule=\"evenodd\" d=\"M0.862422 0.87988C0.581172 1.18175 0.419922 1.64675 0.419922 2.25113V23.7411C0.419922 24.3455 0.581172 24.8105 0.873047 25.1018L0.949297 25.1661L12.9905 13.1249V12.8543L0.938672 0.815505L0.862422 0.87988Z\" fill=\"url(#paint0_linear_9_9)\"\/>\n            <path fill-rule=\"evenodd\" clip-rule=\"evenodd\" d=\"M16.9962 17.1543L12.98 13.1368V12.8556L16.9975 8.83807L17.0843 8.89182L21.8362 11.5924C23.1968 12.3593 23.1968 13.6231 21.8362 14.4006L17.0843 17.1012L16.9962 17.1543Z\" fill=\"url(#paint1_linear_9_9)\"\/>\n            <path fill-rule=\"evenodd\" clip-rule=\"evenodd\" d=\"M17.083 17.1005L12.9799 12.9961L0.862371 25.1136C1.30487 25.5892 2.04987 25.643 2.88237 25.178L17.083 17.1005Z\" fill=\"url(#paint2_linear_9_9)\"\/>\n            <path fill-rule=\"evenodd\" clip-rule=\"evenodd\" d=\"M17.083 8.89304L2.88237 0.82616C2.05112 0.350535 1.30487 0.41491 0.862371 0.890535L12.9786 12.9962L17.083 8.89304Z\" fill=\"url(#paint3_linear_9_9)\"\/>\n            <defs>\n            <linearGradient id=\"paint0_linear_9_9\" x1=\"35.6607\" y1=\"-6.74995\" x2=\"-5.23028\" y2=\"12.2052\" gradientUnits=\"userSpaceOnUse\">\n            <stop stop-color=\"#047ED6\"\/>\n            <stop offset=\"1\" stop-color=\"#50E6FF\"\/>\n            <\/linearGradient>\n            <linearGradient id=\"paint1_linear_9_9\" x1=\"24.5643\" y1=\"12.9971\" x2=\"-6.03917\" y2=\"12.9971\" gradientUnits=\"userSpaceOnUse\">\n            <stop stop-color=\"#FFDA1C\"\/>\n            <stop offset=\"1\" stop-color=\"#FEB705\"\/>\n            <\/linearGradient>\n            <linearGradient id=\"paint2_linear_9_9\" x1=\"19.7657\" y1=\"4.95934\" x2=\"-15.0772\" y2=\"45.5368\" gradientUnits=\"userSpaceOnUse\">\n            <stop stop-color=\"#D9414F\"\/>\n            <stop offset=\"1\" stop-color=\"#8C193F\"\/>\n            <\/linearGradient>\n            <linearGradient id=\"paint3_linear_9_9\" x1=\"-2.18997\" y1=\"-6.27096\" x2=\"4.71665\" y2=\"5.36978\" gradientUnits=\"userSpaceOnUse\">\n            <stop stop-color=\"#33C481\"\/>\n            <stop offset=\"1\" stop-color=\"#61E3A7\"\/>\n            <\/linearGradient>\n            <\/defs>\n            <\/svg>\n        <div>\n            <span>Disponible en<\/span>\n            Google Play\n        <\/div>\n    <\/a>\n                                                                                                                                                                                <a href=\"https:\/\/apps.apple.com\/es\/app\/telpark\/id658204860\" class=\"tpk-button tpk-button--app dark\" target=\"_blank\">\n        <svg width=\"25\" height=\"30\" viewBox=\"0 0 25 30\" fill=\"none\" xmlns=\"http:\/\/www.w3.org\/2000\/svg\">\n            <path d=\"M23.643 10.227C23.469 10.362 20.397 12.093 20.397 15.942C20.397 20.394 24.306 21.969 24.423 22.008C24.405 22.104 23.802 24.165 22.362 26.265C21.078 28.113 19.737 29.958 17.697 29.958C15.657 29.958 15.132 28.773 12.777 28.773C10.482 28.773 9.666 29.997 7.8 29.997C5.934 29.997 4.632 28.287 3.135 26.187C1.401 23.721 0 19.89 0 16.254C0 10.422 3.792 7.329 7.524 7.329C9.507 7.329 11.16 8.631 12.405 8.631C13.59 8.631 15.438 7.251 17.694 7.251C18.549 7.251 21.621 7.329 23.643 10.227V10.227ZM16.623 4.782C17.556 3.675 18.216 2.139 18.216 0.603C18.216 0.39 18.198 0.174 18.159 0C16.641 0.057 14.835 1.011 13.746 2.274C12.891 3.246 12.093 4.782 12.093 6.339C12.093 6.573 12.132 6.807 12.15 6.882C12.246 6.9 12.402 6.921 12.558 6.921C13.92 6.921 15.633 6.009 16.623 4.782Z\" fill=\"white\"\/>\n        <\/svg>\n        <div>\n            <span>Disponible en<\/span>\n            Apple Store\n        <\/div>\n    <\/a>\n\n                                                                        <\/div>\n        <\/div>\n    <\/div>\n<\/section>\n","protected":false},"excerpt":{"rendered":"","protected":false},"author":1,"featured_media":0,"parent":0,"menu_order":0,"comment_status":"closed","ping_status":"closed","template":"","meta":[],"yoast_head":"<!-- This site is optimized with the Yoast SEO plugin v20.12 - https:\/\/yoast.com\/wordpress\/plugins\/seo\/ -->\n<title>Inicio - XER Vigo<\/title>\n<meta name=\"robots\" content=\"index, follow, max-snippet:-1, max-image-preview:large, max-video-preview:-1\" \/>\n<link rel=\"canonical\" href=\"https:\/\/xervigo.com\/gl\/\" \/>\n<meta property=\"og:locale\" content=\"gl_ES\" \/>\n<meta property=\"og:type\" content=\"article\" \/>\n<meta property=\"og:title\" content=\"Inicio - XER Vigo\" \/>\n<meta property=\"og:url\" content=\"https:\/\/xervigo.com\/gl\/\" \/>\n<meta property=\"og:site_name\" content=\"XER Vigo\" \/>\n<meta property=\"article:modified_time\" content=\"2024-01-18T12:45:21+00:00\" \/>\n<meta name=\"twitter:card\" content=\"summary_large_image\" \/>\n<script type=\"application\/ld+json\" class=\"yoast-schema-graph\">{\"@context\":\"https:\/\/schema.org\",\"@graph\":[{\"@type\":\"WebPage\",\"@id\":\"https:\/\/xervigo.com\/gl\/\",\"url\":\"https:\/\/xervigo.com\/gl\/\",\"name\":\"Inicio - XER Vigo\",\"isPartOf\":{\"@id\":\"https:\/\/xervigo.com\/#website\"},\"datePublished\":\"2023-06-21T09:20:34+00:00\",\"dateModified\":\"2024-01-18T12:45:21+00:00\",\"breadcrumb\":{\"@id\":\"https:\/\/xervigo.com\/gl\/#breadcrumb\"},\"inLanguage\":\"gl-ES\",\"potentialAction\":[{\"@type\":\"ReadAction\",\"target\":[\"https:\/\/xervigo.com\/gl\/\"]}]},{\"@type\":\"BreadcrumbList\",\"@id\":\"https:\/\/xervigo.com\/gl\/#breadcrumb\",\"itemListElement\":[{\"@type\":\"ListItem\",\"position\":1,\"name\":\"Home\",\"item\":\"https:\/\/xervigo.com\/gl\/\"},{\"@type\":\"ListItem\",\"position\":2,\"name\":\"Inicio\"}]},{\"@type\":\"WebSite\",\"@id\":\"https:\/\/xervigo.com\/#website\",\"url\":\"https:\/\/xervigo.com\/\",\"name\":\"XER Vigo\",\"description\":\"Just another ORA Sites site\",\"publisher\":{\"@id\":\"https:\/\/xervigo.com\/#organization\"},\"potentialAction\":[{\"@type\":\"SearchAction\",\"target\":{\"@type\":\"EntryPoint\",\"urlTemplate\":\"https:\/\/xervigo.com\/?s={search_term_string}\"},\"query-input\":\"required name=search_term_string\"}],\"inLanguage\":\"gl-ES\"},{\"@type\":\"Organization\",\"@id\":\"https:\/\/xervigo.com\/#organization\",\"name\":\"XER Vigo\",\"url\":\"https:\/\/xervigo.com\/\",\"logo\":{\"@type\":\"ImageObject\",\"inLanguage\":\"gl-ES\",\"@id\":\"https:\/\/xervigo.com\/#\/schema\/logo\/image\/\",\"url\":\"https:\/\/xervigo.com\/wp-content\/uploads\/sites\/18\/2023\/06\/logo-vigo.jpg\",\"contentUrl\":\"https:\/\/xervigo.com\/wp-content\/uploads\/sites\/18\/2023\/06\/logo-vigo.jpg\",\"width\":128,\"height\":32,\"caption\":\"XER Vigo\"},\"image\":{\"@id\":\"https:\/\/xervigo.com\/#\/schema\/logo\/image\/\"}}]}<\/script>\n<!-- \/ Yoast SEO plugin. -->","yoast_head_json":{"title":"Inicio - XER Vigo","robots":{"index":"index","follow":"follow","max-snippet":"max-snippet:-1","max-image-preview":"max-image-preview:large","max-video-preview":"max-video-preview:-1"},"canonical":"https:\/\/xervigo.com\/gl\/","og_locale":"gl_ES","og_type":"article","og_title":"Inicio - XER Vigo","og_url":"https:\/\/xervigo.com\/gl\/","og_site_name":"XER Vigo","article_modified_time":"2024-01-18T12:45:21+00:00","twitter_card":"summary_large_image","schema":{"@context":"https:\/\/schema.org","@graph":[{"@type":"WebPage","@id":"https:\/\/xervigo.com\/gl\/","url":"https:\/\/xervigo.com\/gl\/","name":"Inicio - XER Vigo","isPartOf":{"@id":"https:\/\/xervigo.com\/#website"},"datePublished":"2023-06-21T09:20:34+00:00","dateModified":"2024-01-18T12:45:21+00:00","breadcrumb":{"@id":"https:\/\/xervigo.com\/gl\/#breadcrumb"},"inLanguage":"gl-ES","potentialAction":[{"@type":"ReadAction","target":["https:\/\/xervigo.com\/gl\/"]}]},{"@type":"BreadcrumbList","@id":"https:\/\/xervigo.com\/gl\/#breadcrumb","itemListElement":[{"@type":"ListItem","position":1,"name":"Home","item":"https:\/\/xervigo.com\/gl\/"},{"@type":"ListItem","position":2,"name":"Inicio"}]},{"@type":"WebSite","@id":"https:\/\/xervigo.com\/#website","url":"https:\/\/xervigo.com\/","name":"XER Vigo","description":"Just another ORA Sites site","publisher":{"@id":"https:\/\/xervigo.com\/#organization"},"potentialAction":[{"@type":"SearchAction","target":{"@type":"EntryPoint","urlTemplate":"https:\/\/xervigo.com\/?s={search_term_string}"},"query-input":"required name=search_term_string"}],"inLanguage":"gl-ES"},{"@type":"Organization","@id":"https:\/\/xervigo.com\/#organization","name":"XER Vigo","url":"https:\/\/xervigo.com\/","logo":{"@type":"ImageObject","inLanguage":"gl-ES","@id":"https:\/\/xervigo.com\/#\/schema\/logo\/image\/","url":"https:\/\/xervigo.com\/wp-content\/uploads\/sites\/18\/2023\/06\/logo-vigo.jpg","contentUrl":"https:\/\/xervigo.com\/wp-content\/uploads\/sites\/18\/2023\/06\/logo-vigo.jpg","width":128,"height":32,"caption":"XER Vigo"},"image":{"@id":"https:\/\/xervigo.com\/#\/schema\/logo\/image\/"}}]}},"meta_box":[],"_links":{"self":[{"href":"https:\/\/xervigo.com\/gl\/wp-json\/wp\/v2\/pages\/268"}],"collection":[{"href":"https:\/\/xervigo.com\/gl\/wp-json\/wp\/v2\/pages"}],"about":[{"href":"https:\/\/xervigo.com\/gl\/wp-json\/wp\/v2\/types\/page"}],"author":[{"embeddable":true,"href":"https:\/\/xervigo.com\/gl\/wp-json\/wp\/v2\/users\/1"}],"replies":[{"embeddable":true,"href":"https:\/\/xervigo.com\/gl\/wp-json\/wp\/v2\/comments?post=268"}],"version-history":[{"count":2,"href":"https:\/\/xervigo.com\/gl\/wp-json\/wp\/v2\/pages\/268\/revisions"}],"predecessor-version":[{"id":3766,"href":"https:\/\/xervigo.com\/gl\/wp-json\/wp\/v2\/pages\/268\/revisions\/3766"}],"wp:attachment":[{"href":"https:\/\/xervigo.com\/gl\/wp-json\/wp\/v2\/media?parent=268"}],"curies":[{"name":"wp","href":"https:\/\/api.w.org\/{rel}","templated":true}]}}